{"id":103,"date":"2022-06-17T08:11:26","date_gmt":"2022-06-17T08:11:26","guid":{"rendered":"https:\/\/ind-charleroi.be\/?page_id=103"},"modified":"2026-01-27T12:13:51","modified_gmt":"2026-01-27T12:13:51","slug":"1iere-commune","status":"publish","type":"page","link":"https:\/\/ind-charleroi.be\/?page_id=103","title":{"rendered":"1\u00e8re commune"},"content":{"rendered":"\t\t<div data-elementor-type=\"wp-page\" data-elementor-id=\"103\" class=\"elementor elementor-103\">\n\t\t\t\t\t\t<section class=\"elementor-section elementor-top-section elementor-element elementor-element-3404151 elementor-section-boxed elementor-section-height-default elementor-section-height-default\" data-id=\"3404151\" data-element_type=\"section\" data-e-type=\"section\">\n\t\t\t\t\t\t<div class=\"elementor-container elementor-column-gap-default\">\n\t\t\t\t\t<div class=\"elementor-column elementor-col-100 elementor-top-column elementor-element elementor-element-609ed68\" data-id=\"609ed68\" data-element_type=\"column\" data-e-type=\"column\">\n\t\t\t<div class=\"elementor-widget-wrap elementor-element-populated\">\n\t\t\t\t\t\t<div class=\"elementor-element elementor-element-27a44ba elementor-widget elementor-widget-text-editor\" data-id=\"27a44ba\" data-element_type=\"widget\" data-e-type=\"widget\" data-widget_type=\"text-editor.default\">\n\t\t\t\t<div class=\"elementor-widget-container\">\n\t\t\t\t\t\t\t\t\t<p>Pour toute inscription pour la rentr\u00e9e scolaire 2026, merci d\u2019\u00eatre pr\u00e9sent \u00e0 la matin\u00e9e de pr\u00e9sentation.<\/p><p>Si vous le souhaitez, la direction reste disponible pour vous rencontrer personnellement. N\u2019h\u00e9sitez pas \u00e0 prendre rendez-vous.<\/p>\n<p style=\"margin-top: 0cm; background-image: initial; background-position: initial; background-size: initial; background-repeat: initial; background-attachment: initial; background-origin: initial; background-clip: initial; text-indent: 35.4pt;\"><span style=\"font-family: Arial, sans-serif; font-size: 10.5pt; text-indent: 35.4pt;\">M. S\u00e9bastien ARICKX<\/span><span style=\"font-family: Arial, sans-serif; font-size: 10.5pt; text-indent: 35.4pt;\">&nbsp;\u2013 DIRECTEUR<\/span><\/p>\n<p style=\"margin-top: 0cm; background-image: initial; background-position: initial; background-size: initial; background-repeat: initial; background-attachment: initial; background-origin: initial; background-clip: initial; text-indent: 35.4pt;\"><span style=\"font-size: 10.5pt; font-family: Roboto;\"><a href=\"mailto:direction.secondaire@ind-charleroi.org\"><span style=\"font-family: Arial, sans-serif; background-image: initial; background-position: initial; background-size: initial; background-repeat: initial; background-attachment: initial; background-origin: initial; background-clip: initial;\">directionadjointe.secondaire@ind-charleroi.org<\/span><\/a><\/span><span style=\"font-size: 10.5pt; font-family: Arial, sans-serif; color: black;\">&nbsp;&#8211;&nbsp;0478\/71.07.72<\/span><\/p>\n<p style=\"margin-top: 0cm; background-image: initial; background-position: initial; background-size: initial; background-repeat: initial; background-attachment: initial; background-origin: initial; background-clip: initial; text-indent: 35.4pt;\"><span style=\"font-family: Arial, sans-serif; font-size: 10.5pt; text-indent: 35.4pt;\">M. Nicolas DESMET<\/span><span style=\"font-family: Arial, sans-serif; font-size: 10.5pt; text-indent: 35.4pt;\">&nbsp;\u2013 DIRECTEUR ADJOINT&nbsp;<\/span><\/p>\n<p style=\"margin-top: 0cm; background-image: initial; background-position: initial; background-size: initial; background-repeat: initial; background-attachment: initial; background-origin: initial; background-clip: initial; text-indent: 35.4pt;\"><span style=\"font-size: 10.5pt; font-family: Roboto;\"><a href=\"mailto:direction.secondaire@ind-charleroi.org\"><span style=\"font-family: Arial, sans-serif; background-image: initial; background-position: initial; background-size: initial; background-repeat: initial; background-attachment: initial; background-origin: initial; background-clip: initial;\">directionadjointe.secondaire@ind-charleroi.org<\/span><\/a><\/span><span style=\"font-size: 10.5pt; font-family: Arial, sans-serif; color: black;\">&nbsp;&#8211;&nbsp;0477\/17.96.45<\/span><\/p>\t\t\t\t\t\t\t\t<\/div>\n\t\t\t\t<\/div>\n\t\t\t\t\t<\/div>\n\t\t<\/div>\n\t\t\t\t\t<\/div>\n\t\t<\/section>\n\t\t\t\t<section class=\"elementor-section elementor-top-section elementor-element elementor-element-3ca5f22 elementor-section-boxed elementor-section-height-default elementor-section-height-default\" data-id=\"3ca5f22\" data-element_type=\"section\" data-e-type=\"section\">\n\t\t\t\t\t\t<div class=\"elementor-container elementor-column-gap-default\">\n\t\t\t\t\t<div class=\"elementor-column elementor-col-50 elementor-top-column elementor-element elementor-element-805b37c\" data-id=\"805b37c\" data-element_type=\"column\" data-e-type=\"column\">\n\t\t\t<div class=\"elementor-widget-wrap elementor-element-populated\">\n\t\t\t\t\t\t<div class=\"elementor-element elementor-element-c81f9b7 elementor-widget elementor-widget-text-editor\" data-id=\"c81f9b7\" data-element_type=\"widget\" data-e-type=\"widget\" data-widget_type=\"text-editor.default\">\n\t\t\t\t<div class=\"elementor-widget-container\">\n\t\t\t\t\t\t\t\t\t<p>Vous retrouverez, en cliquant sur le bouton \u00ab\u00a0Cliquez ici\u00a0\u00bb, la pr\u00e9sentation de l&rsquo;\u00e9cole faite par la direction, lors de la matin\u00e9e d&rsquo;information destin\u00e9e aux \u00e9l\u00e8ves de 6\u00e8me primaire.<\/p>\t\t\t\t\t\t\t\t<\/div>\n\t\t\t\t<\/div>\n\t\t\t\t\t<\/div>\n\t\t<\/div>\n\t\t\t\t<div class=\"elementor-column elementor-col-50 elementor-top-column elementor-element elementor-element-71ca977\" data-id=\"71ca977\" data-element_type=\"column\" data-e-type=\"column\">\n\t\t\t<div class=\"elementor-widget-wrap elementor-element-populated\">\n\t\t\t\t\t\t<div class=\"elementor-element elementor-element-faaa129 elementor-align-center elementor-widget elementor-widget-button\" data-id=\"faaa129\" data-element_type=\"widget\" data-e-type=\"widget\" data-widget_type=\"button.default\">\n\t\t\t\t<div class=\"elementor-widget-container\">\n\t\t\t\t\t\t\t\t\t<div class=\"elementor-button-wrapper\">\n\t\t\t\t\t<a class=\"elementor-button elementor-button-link elementor-size-sm\" href=\"https:\/\/ind-charleroi.be\/wp-content\/uploads\/2026\/01\/26-01-24-Reunion-des-parents-6e-Primaire.pdf\">\n\t\t\t\t\t\t<span class=\"elementor-button-content-wrapper\">\n\t\t\t\t\t\t\t\t\t<span class=\"elementor-button-text\">Cliquez ici<\/span>\n\t\t\t\t\t<\/span>\n\t\t\t\t\t<\/a>\n\t\t\t\t<\/div>\n\t\t\t\t\t\t\t\t<\/div>\n\t\t\t\t<\/div>\n\t\t\t\t\t<\/div>\n\t\t<\/div>\n\t\t\t\t\t<\/div>\n\t\t<\/section>\n\t\t\t\t<section class=\"elementor-section elementor-top-section elementor-element elementor-element-20acb48 elementor-section-boxed elementor-section-height-default elementor-section-height-default\" data-id=\"20acb48\" data-element_type=\"section\" data-e-type=\"section\">\n\t\t\t\t\t\t<div class=\"elementor-container elementor-column-gap-default\">\n\t\t\t\t\t<div class=\"elementor-column elementor-col-100 elementor-top-column elementor-element elementor-element-7b5aab4\" data-id=\"7b5aab4\" data-element_type=\"column\" data-e-type=\"column\">\n\t\t\t<div class=\"elementor-widget-wrap elementor-element-populated\">\n\t\t\t\t\t\t<div class=\"elementor-element elementor-element-a8e8d83 elementor-widget elementor-widget-image\" data-id=\"a8e8d83\" data-element_type=\"widget\" data-e-type=\"widget\" data-widget_type=\"image.default\">\n\t\t\t\t<div class=\"elementor-widget-container\">\n\t\t\t\t\t\t\t\t\t\t\t\t\t\t\t<img fetchpriority=\"high\" decoding=\"async\" width=\"669\" height=\"947\" src=\"https:\/\/ind-charleroi.be\/wp-content\/uploads\/2026\/01\/Affiche-pub-1Secondaire.jpg\" class=\"attachment-large size-large wp-image-6598\" alt=\"\" srcset=\"https:\/\/ind-charleroi.be\/wp-content\/uploads\/2026\/01\/Affiche-pub-1Secondaire.jpg 669w, https:\/\/ind-charleroi.be\/wp-content\/uploads\/2026\/01\/Affiche-pub-1Secondaire-212x300.jpg 212w\" sizes=\"(max-width: 669px) 100vw, 669px\" \/>\t\t\t\t\t\t\t\t\t\t\t\t\t\t\t<\/div>\n\t\t\t\t<\/div>\n\t\t\t\t\t<\/div>\n\t\t<\/div>\n\t\t\t\t\t<\/div>\n\t\t<\/section>\n\t\t\t\t<\/div>\n\t\t","protected":false},"excerpt":{"rendered":"<p>Pour toute inscription pour la rentr\u00e9e scolaire 2026, merci d\u2019\u00eatre pr\u00e9sent \u00e0 la matin\u00e9e de pr\u00e9sentation. Si vous le souhaitez, la direction reste disponible pour vous rencontrer personnellement. N\u2019h\u00e9sitez pas \u00e0 prendre rendez-vous. M. S\u00e9bastien ARICKX&nbsp;\u2013 DIRECTEUR directionadjointe.secondaire@ind-charleroi.org&nbsp;&#8211;&nbsp;0478\/71.07.72 M. Nicolas DESMET&nbsp;\u2013 DIRECTEUR ADJOINT&nbsp; directionadjointe.secondaire@ind-charleroi.org&nbsp;&#8211;&nbsp;0477\/17.96.45 Vous retrouverez, en cliquant sur le bouton \u00ab\u00a0Cliquez ici\u00a0\u00bb, la pr\u00e9sentation de l&rsquo;\u00e9cole faite par la direction, lors de la matin\u00e9e [&hellip;]<\/p>\n","protected":false},"author":1,"featured_media":0,"parent":0,"menu_order":0,"comment_status":"closed","ping_status":"closed","template":"","meta":{"footnotes":""},"class_list":["post-103","page","type-page","status-publish","hentry"],"yoast_head":"<!-- This site is optimized with the Yoast SEO plugin v27.5 - https:\/\/yoast.com\/product\/yoast-seo-wordpress\/ -->\n<title>1\u00e8re commune - Institut Notre-Dame<\/title>\n<meta name=\"robots\" content=\"index, follow, max-snippet:-1, max-image-preview:large, max-video-preview:-1\" \/>\n<link rel=\"canonical\" href=\"https:\/\/ind-charleroi.be\/?page_id=103\" \/>\n<meta property=\"og:locale\" content=\"fr_FR\" \/>\n<meta property=\"og:type\" content=\"article\" \/>\n<meta property=\"og:title\" content=\"1\u00e8re commune - Institut Notre-Dame\" \/>\n<meta property=\"og:description\" content=\"Pour toute inscription pour la rentr\u00e9e scolaire 2026, merci d\u2019\u00eatre pr\u00e9sent \u00e0 la matin\u00e9e de pr\u00e9sentation. Si vous le souhaitez, la direction reste disponible pour vous rencontrer personnellement. N\u2019h\u00e9sitez pas \u00e0 prendre rendez-vous. M. S\u00e9bastien ARICKX&nbsp;\u2013 DIRECTEUR directionadjointe.secondaire@ind-charleroi.org&nbsp;&#8211;&nbsp;0478\/71.07.72 M. Nicolas DESMET&nbsp;\u2013 DIRECTEUR ADJOINT&nbsp; directionadjointe.secondaire@ind-charleroi.org&nbsp;&#8211;&nbsp;0477\/17.96.45 Vous retrouverez, en cliquant sur le bouton \u00ab\u00a0Cliquez ici\u00a0\u00bb, la pr\u00e9sentation de l&rsquo;\u00e9cole faite par la direction, lors de la matin\u00e9e [&hellip;]\" \/>\n<meta property=\"og:url\" content=\"https:\/\/ind-charleroi.be\/?page_id=103\" \/>\n<meta property=\"og:site_name\" content=\"Institut Notre-Dame\" \/>\n<meta property=\"article:modified_time\" content=\"2026-01-27T12:13:51+00:00\" \/>\n<meta property=\"og:image\" content=\"https:\/\/ind-charleroi.be\/wp-content\/uploads\/2026\/01\/Affiche-pub-1Secondaire.jpg\" \/>\n\t<meta property=\"og:image:width\" content=\"669\" \/>\n\t<meta property=\"og:image:height\" content=\"947\" \/>\n\t<meta property=\"og:image:type\" content=\"image\/jpeg\" \/>\n<meta name=\"twitter:card\" content=\"summary_large_image\" \/>\n<meta name=\"twitter:label1\" content=\"Dur\u00e9e de lecture estim\u00e9e\" \/>\n\t<meta name=\"twitter:data1\" content=\"1 minute\" \/>\n<script type=\"application\/ld+json\" class=\"yoast-schema-graph\">{\"@context\":\"https:\\\/\\\/schema.org\",\"@graph\":[{\"@type\":\"WebPage\",\"@id\":\"https:\\\/\\\/ind-charleroi.be\\\/?page_id=103\",\"url\":\"https:\\\/\\\/ind-charleroi.be\\\/?page_id=103\",\"name\":\"1\u00e8re commune - Institut Notre-Dame\",\"isPartOf\":{\"@id\":\"https:\\\/\\\/ind-charleroi.be\\\/#website\"},\"primaryImageOfPage\":{\"@id\":\"https:\\\/\\\/ind-charleroi.be\\\/?page_id=103#primaryimage\"},\"image\":{\"@id\":\"https:\\\/\\\/ind-charleroi.be\\\/?page_id=103#primaryimage\"},\"thumbnailUrl\":\"https:\\\/\\\/ind-charleroi.be\\\/wp-content\\\/uploads\\\/2026\\\/01\\\/Affiche-pub-1Secondaire.jpg\",\"datePublished\":\"2022-06-17T08:11:26+00:00\",\"dateModified\":\"2026-01-27T12:13:51+00:00\",\"breadcrumb\":{\"@id\":\"https:\\\/\\\/ind-charleroi.be\\\/?page_id=103#breadcrumb\"},\"inLanguage\":\"fr-FR\",\"potentialAction\":[{\"@type\":\"ReadAction\",\"target\":[\"https:\\\/\\\/ind-charleroi.be\\\/?page_id=103\"]}]},{\"@type\":\"ImageObject\",\"inLanguage\":\"fr-FR\",\"@id\":\"https:\\\/\\\/ind-charleroi.be\\\/?page_id=103#primaryimage\",\"url\":\"https:\\\/\\\/ind-charleroi.be\\\/wp-content\\\/uploads\\\/2026\\\/01\\\/Affiche-pub-1Secondaire.jpg\",\"contentUrl\":\"https:\\\/\\\/ind-charleroi.be\\\/wp-content\\\/uploads\\\/2026\\\/01\\\/Affiche-pub-1Secondaire.jpg\",\"width\":669,\"height\":947},{\"@type\":\"BreadcrumbList\",\"@id\":\"https:\\\/\\\/ind-charleroi.be\\\/?page_id=103#breadcrumb\",\"itemListElement\":[{\"@type\":\"ListItem\",\"position\":1,\"name\":\"Accueil\",\"item\":\"https:\\\/\\\/ind-charleroi.be\\\/\"},{\"@type\":\"ListItem\",\"position\":2,\"name\":\"1\u00e8re commune\"}]},{\"@type\":\"WebSite\",\"@id\":\"https:\\\/\\\/ind-charleroi.be\\\/#website\",\"url\":\"https:\\\/\\\/ind-charleroi.be\\\/\",\"name\":\"Institut Notre-Dame\",\"description\":\"Aujourd&#039;hui pour demain\",\"publisher\":{\"@id\":\"https:\\\/\\\/ind-charleroi.be\\\/#organization\"},\"potentialAction\":[{\"@type\":\"SearchAction\",\"target\":{\"@type\":\"EntryPoint\",\"urlTemplate\":\"https:\\\/\\\/ind-charleroi.be\\\/?s={search_term_string}\"},\"query-input\":{\"@type\":\"PropertyValueSpecification\",\"valueRequired\":true,\"valueName\":\"search_term_string\"}}],\"inLanguage\":\"fr-FR\"},{\"@type\":\"Organization\",\"@id\":\"https:\\\/\\\/ind-charleroi.be\\\/#organization\",\"name\":\"Institut Notre-Dame\",\"url\":\"https:\\\/\\\/ind-charleroi.be\\\/\",\"logo\":{\"@type\":\"ImageObject\",\"inLanguage\":\"fr-FR\",\"@id\":\"https:\\\/\\\/ind-charleroi.be\\\/#\\\/schema\\\/logo\\\/image\\\/\",\"url\":\"https:\\\/\\\/ind-charleroi.be\\\/wp-content\\\/uploads\\\/2022\\\/12\\\/cropped-logo-ind2022.jpg\",\"contentUrl\":\"https:\\\/\\\/ind-charleroi.be\\\/wp-content\\\/uploads\\\/2022\\\/12\\\/cropped-logo-ind2022.jpg\",\"width\":1205,\"height\":505,\"caption\":\"Institut Notre-Dame\"},\"image\":{\"@id\":\"https:\\\/\\\/ind-charleroi.be\\\/#\\\/schema\\\/logo\\\/image\\\/\"}}]}<\/script>\n<!-- \/ Yoast SEO plugin. -->","yoast_head_json":{"title":"1\u00e8re commune - Institut Notre-Dame","robots":{"index":"index","follow":"follow","max-snippet":"max-snippet:-1","max-image-preview":"max-image-preview:large","max-video-preview":"max-video-preview:-1"},"canonical":"https:\/\/ind-charleroi.be\/?page_id=103","og_locale":"fr_FR","og_type":"article","og_title":"1\u00e8re commune - Institut Notre-Dame","og_description":"Pour toute inscription pour la rentr\u00e9e scolaire 2026, merci d\u2019\u00eatre pr\u00e9sent \u00e0 la matin\u00e9e de pr\u00e9sentation. Si vous le souhaitez, la direction reste disponible pour vous rencontrer personnellement. N\u2019h\u00e9sitez pas \u00e0 prendre rendez-vous. M. S\u00e9bastien ARICKX&nbsp;\u2013 DIRECTEUR directionadjointe.secondaire@ind-charleroi.org&nbsp;&#8211;&nbsp;0478\/71.07.72 M. Nicolas DESMET&nbsp;\u2013 DIRECTEUR ADJOINT&nbsp; directionadjointe.secondaire@ind-charleroi.org&nbsp;&#8211;&nbsp;0477\/17.96.45 Vous retrouverez, en cliquant sur le bouton \u00ab\u00a0Cliquez ici\u00a0\u00bb, la pr\u00e9sentation de l&rsquo;\u00e9cole faite par la direction, lors de la matin\u00e9e [&hellip;]","og_url":"https:\/\/ind-charleroi.be\/?page_id=103","og_site_name":"Institut Notre-Dame","article_modified_time":"2026-01-27T12:13:51+00:00","og_image":[{"width":669,"height":947,"url":"https:\/\/ind-charleroi.be\/wp-content\/uploads\/2026\/01\/Affiche-pub-1Secondaire.jpg","type":"image\/jpeg"}],"twitter_card":"summary_large_image","twitter_misc":{"Dur\u00e9e de lecture estim\u00e9e":"1 minute"},"schema":{"@context":"https:\/\/schema.org","@graph":[{"@type":"WebPage","@id":"https:\/\/ind-charleroi.be\/?page_id=103","url":"https:\/\/ind-charleroi.be\/?page_id=103","name":"1\u00e8re commune - Institut Notre-Dame","isPartOf":{"@id":"https:\/\/ind-charleroi.be\/#website"},"primaryImageOfPage":{"@id":"https:\/\/ind-charleroi.be\/?page_id=103#primaryimage"},"image":{"@id":"https:\/\/ind-charleroi.be\/?page_id=103#primaryimage"},"thumbnailUrl":"https:\/\/ind-charleroi.be\/wp-content\/uploads\/2026\/01\/Affiche-pub-1Secondaire.jpg","datePublished":"2022-06-17T08:11:26+00:00","dateModified":"2026-01-27T12:13:51+00:00","breadcrumb":{"@id":"https:\/\/ind-charleroi.be\/?page_id=103#breadcrumb"},"inLanguage":"fr-FR","potentialAction":[{"@type":"ReadAction","target":["https:\/\/ind-charleroi.be\/?page_id=103"]}]},{"@type":"ImageObject","inLanguage":"fr-FR","@id":"https:\/\/ind-charleroi.be\/?page_id=103#primaryimage","url":"https:\/\/ind-charleroi.be\/wp-content\/uploads\/2026\/01\/Affiche-pub-1Secondaire.jpg","contentUrl":"https:\/\/ind-charleroi.be\/wp-content\/uploads\/2026\/01\/Affiche-pub-1Secondaire.jpg","width":669,"height":947},{"@type":"BreadcrumbList","@id":"https:\/\/ind-charleroi.be\/?page_id=103#breadcrumb","itemListElement":[{"@type":"ListItem","position":1,"name":"Accueil","item":"https:\/\/ind-charleroi.be\/"},{"@type":"ListItem","position":2,"name":"1\u00e8re commune"}]},{"@type":"WebSite","@id":"https:\/\/ind-charleroi.be\/#website","url":"https:\/\/ind-charleroi.be\/","name":"Institut Notre-Dame","description":"Aujourd&#039;hui pour demain","publisher":{"@id":"https:\/\/ind-charleroi.be\/#organization"},"potentialAction":[{"@type":"SearchAction","target":{"@type":"EntryPoint","urlTemplate":"https:\/\/ind-charleroi.be\/?s={search_term_string}"},"query-input":{"@type":"PropertyValueSpecification","valueRequired":true,"valueName":"search_term_string"}}],"inLanguage":"fr-FR"},{"@type":"Organization","@id":"https:\/\/ind-charleroi.be\/#organization","name":"Institut Notre-Dame","url":"https:\/\/ind-charleroi.be\/","logo":{"@type":"ImageObject","inLanguage":"fr-FR","@id":"https:\/\/ind-charleroi.be\/#\/schema\/logo\/image\/","url":"https:\/\/ind-charleroi.be\/wp-content\/uploads\/2022\/12\/cropped-logo-ind2022.jpg","contentUrl":"https:\/\/ind-charleroi.be\/wp-content\/uploads\/2022\/12\/cropped-logo-ind2022.jpg","width":1205,"height":505,"caption":"Institut Notre-Dame"},"image":{"@id":"https:\/\/ind-charleroi.be\/#\/schema\/logo\/image\/"}}]}},"jetpack_sharing_enabled":true,"_links":{"self":[{"href":"https:\/\/ind-charleroi.be\/index.php?rest_route=\/wp\/v2\/pages\/103","targetHints":{"allow":["GET"]}}],"collection":[{"href":"https:\/\/ind-charleroi.be\/index.php?rest_route=\/wp\/v2\/pages"}],"about":[{"href":"https:\/\/ind-charleroi.be\/index.php?rest_route=\/wp\/v2\/types\/page"}],"author":[{"embeddable":true,"href":"https:\/\/ind-charleroi.be\/index.php?rest_route=\/wp\/v2\/users\/1"}],"replies":[{"embeddable":true,"href":"https:\/\/ind-charleroi.be\/index.php?rest_route=%2Fwp%2Fv2%2Fcomments&post=103"}],"version-history":[{"count":50,"href":"https:\/\/ind-charleroi.be\/index.php?rest_route=\/wp\/v2\/pages\/103\/revisions"}],"predecessor-version":[{"id":6630,"href":"https:\/\/ind-charleroi.be\/index.php?rest_route=\/wp\/v2\/pages\/103\/revisions\/6630"}],"wp:attachment":[{"href":"https:\/\/ind-charleroi.be\/index.php?rest_route=%2Fwp%2Fv2%2Fmedia&parent=103"}],"curies":[{"name":"wp","href":"https:\/\/api.w.org\/{rel}","templated":true}]}}