{"id":162,"date":"2022-06-17T16:29:44","date_gmt":"2022-06-17T16:29:44","guid":{"rendered":"https:\/\/ind-charleroi.be\/?page_id=162"},"modified":"2022-12-28T16:12:15","modified_gmt":"2022-12-28T16:12:15","slug":"la-garderie-etude-surveillee","status":"publish","type":"page","link":"https:\/\/ind-charleroi.be\/?page_id=162","title":{"rendered":"La garderie &#8211; \u00e9tude surveill\u00e9e"},"content":{"rendered":"\n<p>L\u2019\u00e9cole ouvre ses portes de&nbsp;<strong>07H00 \u00e0 17h30<\/strong>. Avec une attestation de l\u2019employeur, une garderie est possible d\u00e8s 6h30 et jusque 18h30 maximum.<\/p>\n\n\n\n<p>En dehors du temps en classe, les garderies sont organis\u00e9es par le service Accueil Temps Libre (ATL) de la ville. Leurs assurances couvrent tout incident survenu sous leurs surveillances (matin et soir).<\/p>\n\n\n\n<p>Cette garderie est <strong>gratuite<\/strong> et se d\u00e9roule sur le site m\u00eame de l\u2019\u00e9cole primaire. Elle se d\u00e9roule \u00e0 l\u2019\u00e9cole fondamentale (rue Puissant d\u2019Agimont 14-16) de 6h30 \u00e0 7h00 et apr\u00e8s 17h00.<\/p>\n\n\n\n<p><strong>Comment se font les devoirs ?<\/strong><\/p>\n\n\n\n<p>Une \u00e9tude surveill\u00e9e est organis\u00e9e de 15h30 \u00e0 16h30 dans le r\u00e9fectoire. Cette \u00e9tude est payante via l\u2019achat de cartes de 10 s\u00e9ances aupr\u00e8s du surveillant.<\/p>\n\n\n\n<p>La reprise des enfants n\u2019est pas souhait\u00e9e durant la s\u00e9ance pour ne pas perturber son organisation et son calme.<\/p>\n\n\n\n<p><strong>Comment se d\u00e9roule la garderie ? <\/strong><\/p>\n\n\n\n<p>Le matin, la garderie se fait : <\/p>\n\n\n\n<ul class=\"wp-block-list\">\n<li>de 6h30 \u00e0 7h00 \u00e0 l&rsquo;\u00e9cole fondamentale avec un retour encadr\u00e9 par une ATL.<\/li>\n\n\n\n<li>de 7h00 \u00e0 7h30 : entr\u00e9e par la rue Ferrer (secondaire) <\/li>\n\n\n\n<li>de 7h30 \u00e0 8h30 : entr\u00e9e par la grille de la cour, rue Charleville.<\/li>\n<\/ul>\n\n\n\n<p>Le soir, la garderie a lieu : <\/p>\n\n\n\n<ul class=\"wp-block-list\">\n<li>de 15h20 \u00e0 17h00 : dans la cour de l&rsquo;\u00e9cole primaire.<\/li>\n\n\n\n<li>de 17h00 \u00e0 18h30 : dans l&rsquo;\u00e9cole fondamentale. <\/li>\n<\/ul>\n\n\n\n<p>Des jeux, animations sportives, culturelles et ludiques sont propos\u00e9es pour les enfants, avec un investissement r\u00e9gulier des profits d&rsquo;activit\u00e9s avec les parents (boum, fancy fair, ventes diverses, &#8230;) pour l&rsquo;achat de nouveaux mat\u00e9riels d&rsquo;animation en plus de ceux propos\u00e9s par le service ATL de la ville.<\/p>\n","protected":false},"excerpt":{"rendered":"<p>L\u2019\u00e9cole ouvre ses portes de&nbsp;07H00 \u00e0 17h30. Avec une attestation de l\u2019employeur, une garderie est possible d\u00e8s 6h30 et jusque 18h30 maximum. En dehors du temps en classe, les garderies sont organis\u00e9es par le service Accueil Temps Libre (ATL) de la ville. Leurs assurances couvrent tout incident survenu sous leurs surveillances (matin et soir). Cette garderie est gratuite et se d\u00e9roule sur le site m\u00eame [&hellip;]<\/p>\n","protected":false},"author":6,"featured_media":0,"parent":0,"menu_order":0,"comment_status":"closed","ping_status":"closed","template":"","meta":{"footnotes":""},"class_list":["post-162","page","type-page","status-publish","hentry"],"yoast_head":"<!-- This site is optimized with the Yoast SEO plugin v27.5 - https:\/\/yoast.com\/product\/yoast-seo-wordpress\/ -->\n<title>La garderie - \u00e9tude surveill\u00e9e - Institut Notre-Dame<\/title>\n<meta name=\"robots\" content=\"index, follow, max-snippet:-1, max-image-preview:large, max-video-preview:-1\" \/>\n<link rel=\"canonical\" href=\"https:\/\/ind-charleroi.be\/?page_id=162\" \/>\n<meta property=\"og:locale\" content=\"fr_FR\" \/>\n<meta property=\"og:type\" content=\"article\" \/>\n<meta property=\"og:title\" content=\"La garderie - \u00e9tude surveill\u00e9e - Institut Notre-Dame\" \/>\n<meta property=\"og:description\" content=\"L\u2019\u00e9cole ouvre ses portes de&nbsp;07H00 \u00e0 17h30. Avec une attestation de l\u2019employeur, une garderie est possible d\u00e8s 6h30 et jusque 18h30 maximum. En dehors du temps en classe, les garderies sont organis\u00e9es par le service Accueil Temps Libre (ATL) de la ville. Leurs assurances couvrent tout incident survenu sous leurs surveillances (matin et soir). Cette garderie est gratuite et se d\u00e9roule sur le site m\u00eame [&hellip;]\" \/>\n<meta property=\"og:url\" content=\"https:\/\/ind-charleroi.be\/?page_id=162\" \/>\n<meta property=\"og:site_name\" content=\"Institut Notre-Dame\" \/>\n<meta property=\"article:modified_time\" content=\"2022-12-28T16:12:15+00:00\" \/>\n<meta name=\"twitter:card\" content=\"summary_large_image\" \/>\n<meta name=\"twitter:label1\" content=\"Dur\u00e9e de lecture estim\u00e9e\" \/>\n\t<meta name=\"twitter:data1\" content=\"2 minutes\" \/>\n<script type=\"application\/ld+json\" class=\"yoast-schema-graph\">{\"@context\":\"https:\\\/\\\/schema.org\",\"@graph\":[{\"@type\":\"WebPage\",\"@id\":\"https:\\\/\\\/ind-charleroi.be\\\/?page_id=162\",\"url\":\"https:\\\/\\\/ind-charleroi.be\\\/?page_id=162\",\"name\":\"La garderie - \u00e9tude surveill\u00e9e - Institut Notre-Dame\",\"isPartOf\":{\"@id\":\"https:\\\/\\\/ind-charleroi.be\\\/#website\"},\"datePublished\":\"2022-06-17T16:29:44+00:00\",\"dateModified\":\"2022-12-28T16:12:15+00:00\",\"breadcrumb\":{\"@id\":\"https:\\\/\\\/ind-charleroi.be\\\/?page_id=162#breadcrumb\"},\"inLanguage\":\"fr-FR\",\"potentialAction\":[{\"@type\":\"ReadAction\",\"target\":[\"https:\\\/\\\/ind-charleroi.be\\\/?page_id=162\"]}]},{\"@type\":\"BreadcrumbList\",\"@id\":\"https:\\\/\\\/ind-charleroi.be\\\/?page_id=162#breadcrumb\",\"itemListElement\":[{\"@type\":\"ListItem\",\"position\":1,\"name\":\"Accueil\",\"item\":\"https:\\\/\\\/ind-charleroi.be\\\/\"},{\"@type\":\"ListItem\",\"position\":2,\"name\":\"La garderie &#8211; \u00e9tude surveill\u00e9e\"}]},{\"@type\":\"WebSite\",\"@id\":\"https:\\\/\\\/ind-charleroi.be\\\/#website\",\"url\":\"https:\\\/\\\/ind-charleroi.be\\\/\",\"name\":\"Institut Notre-Dame\",\"description\":\"Aujourd&#039;hui pour demain\",\"publisher\":{\"@id\":\"https:\\\/\\\/ind-charleroi.be\\\/#organization\"},\"potentialAction\":[{\"@type\":\"SearchAction\",\"target\":{\"@type\":\"EntryPoint\",\"urlTemplate\":\"https:\\\/\\\/ind-charleroi.be\\\/?s={search_term_string}\"},\"query-input\":{\"@type\":\"PropertyValueSpecification\",\"valueRequired\":true,\"valueName\":\"search_term_string\"}}],\"inLanguage\":\"fr-FR\"},{\"@type\":\"Organization\",\"@id\":\"https:\\\/\\\/ind-charleroi.be\\\/#organization\",\"name\":\"Institut Notre-Dame\",\"url\":\"https:\\\/\\\/ind-charleroi.be\\\/\",\"logo\":{\"@type\":\"ImageObject\",\"inLanguage\":\"fr-FR\",\"@id\":\"https:\\\/\\\/ind-charleroi.be\\\/#\\\/schema\\\/logo\\\/image\\\/\",\"url\":\"https:\\\/\\\/ind-charleroi.be\\\/wp-content\\\/uploads\\\/2022\\\/12\\\/cropped-logo-ind2022.jpg\",\"contentUrl\":\"https:\\\/\\\/ind-charleroi.be\\\/wp-content\\\/uploads\\\/2022\\\/12\\\/cropped-logo-ind2022.jpg\",\"width\":1205,\"height\":505,\"caption\":\"Institut Notre-Dame\"},\"image\":{\"@id\":\"https:\\\/\\\/ind-charleroi.be\\\/#\\\/schema\\\/logo\\\/image\\\/\"}}]}<\/script>\n<!-- \/ Yoast SEO plugin. -->","yoast_head_json":{"title":"La garderie - \u00e9tude surveill\u00e9e - Institut Notre-Dame","robots":{"index":"index","follow":"follow","max-snippet":"max-snippet:-1","max-image-preview":"max-image-preview:large","max-video-preview":"max-video-preview:-1"},"canonical":"https:\/\/ind-charleroi.be\/?page_id=162","og_locale":"fr_FR","og_type":"article","og_title":"La garderie - \u00e9tude surveill\u00e9e - Institut Notre-Dame","og_description":"L\u2019\u00e9cole ouvre ses portes de&nbsp;07H00 \u00e0 17h30. Avec une attestation de l\u2019employeur, une garderie est possible d\u00e8s 6h30 et jusque 18h30 maximum. En dehors du temps en classe, les garderies sont organis\u00e9es par le service Accueil Temps Libre (ATL) de la ville. Leurs assurances couvrent tout incident survenu sous leurs surveillances (matin et soir). Cette garderie est gratuite et se d\u00e9roule sur le site m\u00eame [&hellip;]","og_url":"https:\/\/ind-charleroi.be\/?page_id=162","og_site_name":"Institut Notre-Dame","article_modified_time":"2022-12-28T16:12:15+00:00","twitter_card":"summary_large_image","twitter_misc":{"Dur\u00e9e de lecture estim\u00e9e":"2 minutes"},"schema":{"@context":"https:\/\/schema.org","@graph":[{"@type":"WebPage","@id":"https:\/\/ind-charleroi.be\/?page_id=162","url":"https:\/\/ind-charleroi.be\/?page_id=162","name":"La garderie - \u00e9tude surveill\u00e9e - Institut Notre-Dame","isPartOf":{"@id":"https:\/\/ind-charleroi.be\/#website"},"datePublished":"2022-06-17T16:29:44+00:00","dateModified":"2022-12-28T16:12:15+00:00","breadcrumb":{"@id":"https:\/\/ind-charleroi.be\/?page_id=162#breadcrumb"},"inLanguage":"fr-FR","potentialAction":[{"@type":"ReadAction","target":["https:\/\/ind-charleroi.be\/?page_id=162"]}]},{"@type":"BreadcrumbList","@id":"https:\/\/ind-charleroi.be\/?page_id=162#breadcrumb","itemListElement":[{"@type":"ListItem","position":1,"name":"Accueil","item":"https:\/\/ind-charleroi.be\/"},{"@type":"ListItem","position":2,"name":"La garderie &#8211; \u00e9tude surveill\u00e9e"}]},{"@type":"WebSite","@id":"https:\/\/ind-charleroi.be\/#website","url":"https:\/\/ind-charleroi.be\/","name":"Institut Notre-Dame","description":"Aujourd&#039;hui pour demain","publisher":{"@id":"https:\/\/ind-charleroi.be\/#organization"},"potentialAction":[{"@type":"SearchAction","target":{"@type":"EntryPoint","urlTemplate":"https:\/\/ind-charleroi.be\/?s={search_term_string}"},"query-input":{"@type":"PropertyValueSpecification","valueRequired":true,"valueName":"search_term_string"}}],"inLanguage":"fr-FR"},{"@type":"Organization","@id":"https:\/\/ind-charleroi.be\/#organization","name":"Institut Notre-Dame","url":"https:\/\/ind-charleroi.be\/","logo":{"@type":"ImageObject","inLanguage":"fr-FR","@id":"https:\/\/ind-charleroi.be\/#\/schema\/logo\/image\/","url":"https:\/\/ind-charleroi.be\/wp-content\/uploads\/2022\/12\/cropped-logo-ind2022.jpg","contentUrl":"https:\/\/ind-charleroi.be\/wp-content\/uploads\/2022\/12\/cropped-logo-ind2022.jpg","width":1205,"height":505,"caption":"Institut Notre-Dame"},"image":{"@id":"https:\/\/ind-charleroi.be\/#\/schema\/logo\/image\/"}}]}},"jetpack_sharing_enabled":true,"_links":{"self":[{"href":"https:\/\/ind-charleroi.be\/index.php?rest_route=\/wp\/v2\/pages\/162","targetHints":{"allow":["GET"]}}],"collection":[{"href":"https:\/\/ind-charleroi.be\/index.php?rest_route=\/wp\/v2\/pages"}],"about":[{"href":"https:\/\/ind-charleroi.be\/index.php?rest_route=\/wp\/v2\/types\/page"}],"author":[{"embeddable":true,"href":"https:\/\/ind-charleroi.be\/index.php?rest_route=\/wp\/v2\/users\/6"}],"replies":[{"embeddable":true,"href":"https:\/\/ind-charleroi.be\/index.php?rest_route=%2Fwp%2Fv2%2Fcomments&post=162"}],"version-history":[{"count":3,"href":"https:\/\/ind-charleroi.be\/index.php?rest_route=\/wp\/v2\/pages\/162\/revisions"}],"predecessor-version":[{"id":5280,"href":"https:\/\/ind-charleroi.be\/index.php?rest_route=\/wp\/v2\/pages\/162\/revisions\/5280"}],"wp:attachment":[{"href":"https:\/\/ind-charleroi.be\/index.php?rest_route=%2Fwp%2Fv2%2Fmedia&parent=162"}],"curies":[{"name":"wp","href":"https:\/\/api.w.org\/{rel}","templated":true}]}}