{"id":4799,"date":"2022-07-05T18:23:13","date_gmt":"2022-07-05T18:23:13","guid":{"rendered":"https:\/\/ind-charleroi.be\/?page_id=4799"},"modified":"2024-07-10T08:53:25","modified_gmt":"2024-07-10T08:53:25","slug":"code-vestimentaire","status":"publish","type":"page","link":"https:\/\/ind-charleroi.be\/?page_id=4799","title":{"rendered":"Code vestimentaire"},"content":{"rendered":"\t\t<div data-elementor-type=\"wp-page\" data-elementor-id=\"4799\" class=\"elementor elementor-4799\">\n\t\t\t\t\t\t<section class=\"elementor-section elementor-top-section elementor-element elementor-element-a510a82 elementor-section-boxed elementor-section-height-default elementor-section-height-default\" data-id=\"a510a82\" data-element_type=\"section\" data-e-type=\"section\">\n\t\t\t\t\t\t<div class=\"elementor-container elementor-column-gap-default\">\n\t\t\t\t\t<div class=\"elementor-column elementor-col-100 elementor-top-column elementor-element elementor-element-51061f7\" data-id=\"51061f7\" data-element_type=\"column\" data-e-type=\"column\">\n\t\t\t<div class=\"elementor-widget-wrap elementor-element-populated\">\n\t\t\t\t\t\t<div class=\"elementor-element elementor-element-a3ebe43 elementor-widget elementor-widget-text-editor\" data-id=\"a3ebe43\" data-element_type=\"widget\" data-e-type=\"widget\" data-widget_type=\"text-editor.default\">\n\t\t\t\t<div class=\"elementor-widget-container\">\n\t\t\t\t\t\t\t\t\t<h1 style=\"margin-left: 2.0cm; text-align: justify; text-indent: -18.0pt; mso-list: l1 level4 lfo1;\"><strong><span style=\"text-decoration: underline;\"><span lang=\"FR\" style=\"font-size: 11.0pt; mso-bidi-font-size: 10.0pt; font-family: 'Calibri',sans-serif;\">L\u2019uniforme code-couleurs<\/span><\/span><\/strong><\/h1><p style=\"text-align: justify;\"><span lang=\"FR\" style=\"font-size: 11.0pt; mso-bidi-font-size: 10.0pt; font-family: 'Calibri',sans-serif;\">L&rsquo;habillement de l&rsquo;\u00e9l\u00e8ve traduira le respect qu&rsquo;il a de lui-m\u00eame, des autres et de l&rsquo;institut. L\u2019\u00e9cole n\u2019est ni le domicile, ni la plage, ni un d\u00e9fil\u00e9 de mode. Elle est un lieu de travail.<\/span><\/p><p style=\"text-align: justify;\"><span lang=\"FR\" style=\"font-size: 11.0pt; mso-bidi-font-size: 10.0pt; font-family: 'Calibri',sans-serif;\">Dans l\u2019enceinte de l\u2019\u00e9cole (et donc y compris dans la cour), et pendant les activit\u00e9s se passant \u00e0 l\u2019ext\u00e9rieur de l\u2019Institut, <b>le port de l&rsquo;uniforme est obligatoire.<\/b> Cette obligation s\u2019entend dans toute activit\u00e9 scolaire d\u2019un jour <a>ou plus (en ce y compris les voyages scolaires)\u00a0:<\/a><\/span><\/p><p style=\"text-align: justify; text-indent: -18.0pt; mso-list: l2 level1 lfo2; margin: 0cm -2.25pt .0001pt 36.0pt;\"><!-- [if !supportLists]--><span lang=\"FR\" style=\"font-size: 11.0pt; font-family: 'Courier New'; mso-fareast-font-family: 'Courier New';\">o<span style=\"font-variant-numeric: normal; font-variant-east-asian: normal; font-variant-alternates: normal; font-kerning: auto; font-optical-sizing: auto; font-feature-settings: normal; font-variation-settings: normal; font-variant-position: normal; font-stretch: normal; font-size: 7pt; line-height: normal; font-family: 'Times New Roman';\">\u00a0\u00a0 <\/span><\/span><!--[endif]--><span lang=\"FR\" style=\"font-size: 11.0pt; font-family: 'Calibri',sans-serif; mso-fareast-font-family: Frutiger-Roman; letter-spacing: .15pt;\">Jup<\/span><span lang=\"FR\" style=\"font-size: 11.0pt; font-family: 'Calibri',sans-serif; mso-fareast-font-family: Frutiger-Roman;\">e <span style=\"letter-spacing: .15pt;\">ble<\/span>u <span style=\"letter-spacing: .15pt;\">marin<\/span>e (d\u2019une longueur tr\u00e8s proche du genou) <span style=\"letter-spacing: .15pt;\">o<\/span>u <span style=\"letter-spacing: .15pt;\">pantalo<\/span>n <span style=\"letter-spacing: .15pt;\">ble<\/span>u <span style=\"letter-spacing: .15pt;\">marine<\/span>, <span style=\"letter-spacing: .15pt;\">noi<\/span>r <span style=\"letter-spacing: .15pt;\">ou <\/span>blanc (non trou\u00e9). Pour les gar\u00e7ons, \u00e0 partir du 01 avril et jusqu\u2019au 30 septembre, le port du bermuda est accept\u00e9 (bermuda n\u2019\u00e9quivaut pas \u00e0 un short). <\/span><\/p><p style=\"text-align: justify; text-indent: -18.0pt; mso-list: l2 level1 lfo2; margin: 0cm -2.25pt .0001pt 36.0pt;\"><!-- [if !supportLists]--><span lang=\"FR\" style=\"font-size: 11.0pt; font-family: 'Courier New'; mso-fareast-font-family: 'Courier New';\">o<span style=\"font-variant-numeric: normal; font-variant-east-asian: normal; font-variant-alternates: normal; font-kerning: auto; font-optical-sizing: auto; font-feature-settings: normal; font-variation-settings: normal; font-variant-position: normal; font-stretch: normal; font-size: 7pt; line-height: normal; font-family: 'Times New Roman';\">\u00a0\u00a0 <\/span><\/span><!--[endif]--><span lang=\"FR\" style=\"font-size: 11.0pt; font-family: 'Calibri',sans-serif; mso-fareast-font-family: Frutiger-Roman;\">\u00a0Chemisier, chemise, tee-shirt de couleur blanc ou bleu marine uni. Les \u00e9paules et ventre d\u00e9nud\u00e9s ne sont pas autoris\u00e9s, tout comme les Tee-shirts \u00e0 fines bretelles. <\/span><\/p><p style=\"text-align: justify; text-indent: -18.0pt; mso-list: l2 level1 lfo2; margin: 0cm -2.25pt .0001pt 36.0pt;\"><!-- [if !supportLists]--><span lang=\"FR\" style=\"font-size: 11.0pt; font-family: 'Courier New'; mso-fareast-font-family: 'Courier New';\">o<span style=\"font-variant-numeric: normal; font-variant-east-asian: normal; font-variant-alternates: normal; font-kerning: auto; font-optical-sizing: auto; font-feature-settings: normal; font-variation-settings: normal; font-variant-position: normal; font-stretch: normal; font-size: 7pt; line-height: normal; font-family: 'Times New Roman';\">\u00a0\u00a0 <\/span><\/span><!--[endif]--><span lang=\"FR\" style=\"font-size: 11.0pt; font-family: 'Calibri',sans-serif; mso-fareast-font-family: Frutiger-Roman;\">Pull ou gilet bleu marine uni ou blanc uni (uni signifie sans inscription, un petit logo est tol\u00e9r\u00e9).<\/span><\/p><p style=\"text-align: justify; text-indent: -18.0pt; mso-list: l2 level1 lfo2; margin: 0cm -2.25pt .0001pt 36.0pt;\"><!-- [if !supportLists]--><span lang=\"FR\" style=\"font-size: 11.0pt; font-family: 'Courier New'; mso-fareast-font-family: 'Courier New';\">o<span style=\"font-variant-numeric: normal; font-variant-east-asian: normal; font-variant-alternates: normal; font-kerning: auto; font-optical-sizing: auto; font-feature-settings: normal; font-variation-settings: normal; font-variant-position: normal; font-stretch: normal; font-size: 7pt; line-height: normal; font-family: 'Times New Roman';\">\u00a0\u00a0 <\/span><\/span><!--[endif]--><b><span lang=\"FR\" style=\"font-size: 11.0pt; font-family: 'Calibri',sans-serif; mso-fareast-font-family: Frutiger-Roman;\">Le pull n\u2019est pas un manteau\u00a0!!!<\/span><\/b><span lang=\"FR\" style=\"font-size: 11.0pt; font-family: 'Calibri',sans-serif; mso-fareast-font-family: Frutiger-Roman;\"> Seul le manteau, ne doit pas respect\u00e9 le code couleur.<\/span><\/p><p style=\"text-align: justify; text-indent: -18.0pt; mso-list: l2 level1 lfo2; margin: 0cm -2.25pt .0001pt 36.0pt;\"><!-- [if !supportLists]--><span lang=\"FR\" style=\"font-size: 11.0pt; font-family: 'Courier New'; mso-fareast-font-family: 'Courier New';\">o<span style=\"font-variant-numeric: normal; font-variant-east-asian: normal; font-variant-alternates: normal; font-kerning: auto; font-optical-sizing: auto; font-feature-settings: normal; font-variation-settings: normal; font-variant-position: normal; font-stretch: normal; font-size: 7pt; line-height: normal; font-family: 'Times New Roman';\">\u00a0\u00a0 <\/span><\/span><!--[endif]--><span lang=\"FR\" style=\"font-size: 11.0pt; font-family: 'Calibri',sans-serif; mso-fareast-font-family: Frutiger-Roman;\">L\u2019uniforme concerne la tenue lorsque l\u2019\u00e9l\u00e8ve <b><u>est dans l\u2019enceinte de l\u2019\u00e9cole<\/u><\/b>.<\/span><\/p><p style=\"margin-left: 36.0pt; text-align: justify; text-indent: -18.0pt; mso-list: l0 level1 lfo3; tab-stops: 35.45pt;\"><!-- [if !supportLists]--><span lang=\"FR\" style=\"font-size: 11.0pt; mso-bidi-font-size: 10.0pt; font-family: 'Courier New'; mso-fareast-font-family: 'Courier New';\">o<span style=\"font-variant-numeric: normal; font-variant-east-asian: normal; font-variant-alternates: normal; font-kerning: auto; font-optical-sizing: auto; font-feature-settings: normal; font-variation-settings: normal; font-variant-position: normal; font-stretch: normal; font-size: 7pt; line-height: normal; font-family: 'Times New Roman';\">\u00a0\u00a0 <\/span><\/span><!--[endif]--><span lang=\"FR\" style=\"font-size: 11.0pt; mso-bidi-font-size: 10.0pt; font-family: 'Calibri',sans-serif;\">M\u00eame dans les couleurs requises, <b>la tenue ne sera jamais choquante ou provocante <\/b>(d\u00e9collet\u00e9 discret)<b>. <\/b>Elle ne pourra, non plus, marquer ou promouvoir l&rsquo;adh\u00e9sion \u00e0 des groupements violents, x\u00e9nophobes ou racistes.<\/span><\/p><p style=\"margin-left: 36.0pt; text-align: justify; text-indent: -18.0pt; mso-list: l0 level1 lfo3; tab-stops: 35.45pt;\"><!-- [if !supportLists]--><span lang=\"FR\" style=\"font-size: 11.0pt; mso-bidi-font-size: 10.0pt; font-family: 'Courier New'; mso-fareast-font-family: 'Courier New';\">o<span style=\"font-variant-numeric: normal; font-variant-east-asian: normal; font-variant-alternates: normal; font-kerning: auto; font-optical-sizing: auto; font-feature-settings: normal; font-variation-settings: normal; font-variant-position: normal; font-stretch: normal; font-size: 7pt; line-height: normal; font-family: 'Times New Roman';\">\u00a0\u00a0 <\/span><\/span><!--[endif]--><b><span lang=\"FR\" style=\"font-size: 11.0pt; mso-bidi-font-size: 10.0pt; font-family: 'Calibri',sans-serif;\">Les trainings et surv\u00eatements de sport ne sont pas autoris\u00e9s, ainsi que des robes ou manteau style toge (ou de ce qui s\u2019y ressemble ou s\u2019y substitue).<\/span><\/b><\/p><p style=\"margin-left: 36.0pt; text-align: justify; text-indent: -18.0pt; mso-list: l0 level1 lfo3; tab-stops: 35.45pt;\"><!-- [if !supportLists]--><span lang=\"FR\" style=\"font-size: 11.0pt; mso-bidi-font-size: 10.0pt; font-family: 'Courier New'; mso-fareast-font-family: 'Courier New';\">o<span style=\"font-variant-numeric: normal; font-variant-east-asian: normal; font-variant-alternates: normal; font-kerning: auto; font-optical-sizing: auto; font-feature-settings: normal; font-variation-settings: normal; font-variant-position: normal; font-stretch: normal; font-size: 7pt; line-height: normal; font-family: 'Times New Roman';\">\u00a0\u00a0 <\/span><\/span><!--[endif]--><span lang=\"FR\" style=\"font-size: 11.0pt; mso-bidi-font-size: 10.0pt; font-family: 'Calibri',sans-serif;\">Les \u00e9l\u00e8ves des options techniques auront sur leurs lieux de stages, en officine, au bureau, la tenue ad\u00e9quate <\/span><span lang=\"FR\" style=\"font-size: 11.0pt; font-family: 'Calibri',sans-serif; mso-fareast-font-family: Frutiger-Roman;\">au m\u00e9tier de l\u2019\u00e9l\u00e8ve.<\/span><\/p><p style=\"margin-left: 36.0pt; text-align: justify; text-indent: -18.0pt; mso-list: l0 level1 lfo3; tab-stops: 35.45pt;\"><!-- [if !supportLists]--><span lang=\"FR\" style=\"font-size: 11.0pt; font-family: 'Courier New'; mso-fareast-font-family: 'Courier New';\">o<span style=\"font-variant-numeric: normal; font-variant-east-asian: normal; font-variant-alternates: normal; font-kerning: auto; font-optical-sizing: auto; font-feature-settings: normal; font-variation-settings: normal; font-variant-position: normal; font-stretch: normal; font-size: 7pt; line-height: normal; font-family: 'Times New Roman';\">\u00a0\u00a0 <\/span><\/span><!--[endif]--><span lang=\"FR\" style=\"font-size: 11.0pt; font-family: 'Calibri',sans-serif;\">Nous souhaitons \u00e9galement pr\u00e9ciser, notre volont\u00e9 du respect de l\u2019uniforme par les \u00e9l\u00e8ves <b><u>lors des r\u00e9unions en dehors du temps scolaire<\/u><\/b> (r\u00e9unions des parents, r\u00e9unions d\u2019orientation, journ\u00e9e portes ouvertes, proclamation, \u2026).<\/span><\/p><p style=\"margin-right: -2.25pt; text-align: justify;\"><span lang=\"FR\" style=\"font-size: 11.0pt; font-family: 'Calibri',sans-serif; mso-fareast-font-family: Frutiger-Roman;\">\u00a0<\/span><\/p><p style=\"margin-right: -2.25pt; text-align: justify;\"><span lang=\"FR\" style=\"font-size: 11.0pt; font-family: 'Calibri',sans-serif; mso-fareast-font-family: Frutiger-Roman;\">En cas d\u2019infraction \u00e0 cet article, l\u2019\u00e9l\u00e8ve sera sanctionn\u00e9 d\u2019une remarque not\u00e9e dans Cabanga\u00a0; \u00e0 la 3e remarque \u00e0 ce sujet, l\u2019\u00e9l\u00e8ve sera mis en retenue.<\/span><\/p><p style=\"margin-right: -2.25pt; text-align: justify;\"><span lang=\"FR\" style=\"font-size: 11.0pt; font-family: 'Calibri',sans-serif; mso-fareast-font-family: Frutiger-Roman;\">Au-del\u00e0 de ces prescriptions, ce qui est vis\u00e9, c\u2019est que chacun ait une tenue de travail d\u00e9cente et adapt\u00e9e \u00e0 un cadre scolaire. Dans cet \u00e9tat d\u2019esprit, tout accessoire ou artifice est \u00e0 proscrire.<\/span><\/p><p style=\"margin-right: -2.25pt; text-align: justify;\"><span lang=\"FR\" style=\"font-size: 11.0pt; font-family: 'Calibri',sans-serif; mso-fareast-font-family: Frutiger-Roman;\">De m\u00eame, \u00e9vitera-t-on de venir \u00e0 l&rsquo;\u00e9cole avec des effets ou des objets d&rsquo;une valeur exag\u00e9r\u00e9e.<\/span><\/p>\t\t\t\t\t\t\t\t<\/div>\n\t\t\t\t<\/div>\n\t\t\t\t\t<\/div>\n\t\t<\/div>\n\t\t\t\t\t<\/div>\n\t\t<\/section>\n\t\t\t\t<section class=\"elementor-section elementor-top-section elementor-element elementor-element-90b513f elementor-section-boxed elementor-section-height-default elementor-section-height-default\" data-id=\"90b513f\" data-element_type=\"section\" data-e-type=\"section\">\n\t\t\t\t\t\t<div class=\"elementor-container elementor-column-gap-default\">\n\t\t\t\t\t<div class=\"elementor-column elementor-col-100 elementor-top-column elementor-element elementor-element-707a3d2\" data-id=\"707a3d2\" data-element_type=\"column\" data-e-type=\"column\">\n\t\t\t<div class=\"elementor-widget-wrap elementor-element-populated\">\n\t\t\t\t\t\t<div class=\"elementor-element elementor-element-e5de0b5 elementor-widget elementor-widget-text-editor\" data-id=\"e5de0b5\" data-element_type=\"widget\" data-e-type=\"widget\" data-widget_type=\"text-editor.default\">\n\t\t\t\t<div class=\"elementor-widget-container\">\n\t\t\t\t\t\t\t\t\t<p style=\"margin-left: 2.0cm; text-align: justify; text-indent: -18.0pt; mso-list: l0 level4 lfo1;\"><span lang=\"FR\" style=\"font-size: 11.0pt; mso-bidi-font-size: 10.0pt; font-family: 'Calibri',sans-serif; mso-fareast-font-family: Calibri;\"><span style=\"font-variant-numeric: normal; font-variant-east-asian: normal; font-variant-alternates: normal; font-kerning: auto; font-optical-sizing: auto; font-feature-settings: normal; font-variation-settings: normal; font-variant-position: normal; font-stretch: normal; font-size: 7pt; line-height: normal; font-family: 'Times New Roman';\">\u00a0<\/span><\/span><!--[endif]--><span style=\"text-decoration: underline;\"><strong><span lang=\"FR\" style=\"font-size: 11.0pt; mso-bidi-font-size: 10.0pt; font-family: 'Calibri',sans-serif;\">Maquillage, ongles, coupe de cheveux, piercing<\/span><\/strong><\/span><\/p><p style=\"text-align: justify;\"><span lang=\"FR\" style=\"font-size: 11.0pt; mso-bidi-font-size: 10.0pt; font-family: 'Calibri',sans-serif;\">Les filles \u00e9viteront tout maquillage excessif <\/span><span lang=\"FR\" style=\"font-size: 11.0pt; font-family: 'Calibri',sans-serif; mso-fareast-font-family: Frutiger-Roman;\">et les faux ongles trop longs.<\/span><\/p><p style=\"text-align: justify;\"><span lang=\"FR\" style=\"font-size: 11.0pt; mso-bidi-font-size: 10.0pt; font-family: 'Calibri',sans-serif;\">Les gar\u00e7ons auront une <\/span><span lang=\"FR\" style=\"font-size: 11.0pt; font-family: 'Calibri',sans-serif; mso-fareast-font-family: Frutiger-Roman;\">coupe de cheveux suffisamment courte et r\u00e9guli\u00e8re ne d\u00e9passant pas le bas du menton avec un visage d\u00e9gag\u00e9 de tout cheveu<\/span><span lang=\"FR\" style=\"font-size: 11.0pt; mso-bidi-font-size: 10.0pt; font-family: 'Calibri',sans-serif;\">. Ils ne porteront ni boucles d&rsquo;oreilles ou autres. Les colorations de fantaisie sont interdites.<\/span><\/p><p style=\"text-align: justify;\"><span lang=\"FR\" style=\"font-size: 11.0pt; mso-bidi-font-size: 10.0pt; font-family: 'Calibri',sans-serif;\">Le piercing est interdit au sein de l\u2019\u00e9tablissement et durant les activit\u00e9s scolaires ext\u00e9rieures, \u00e0 l\u2019exception des boucles d\u2019oreille pour les filles.<\/span><\/p><p style=\"text-align: justify;\"><span lang=\"FR\" style=\"font-size: 11.0pt; mso-bidi-font-size: 10.0pt; font-family: 'Calibri',sans-serif;\">Si l\u2019\u00e9l\u00e8ve poss\u00e8de un tatouage, il doit \u00eatre dissimul\u00e9.<\/span><\/p><p style=\"text-align: justify;\"><span lang=\"FR\" style=\"font-size: 11.0pt; mso-bidi-font-size: 10.0pt; font-family: 'Calibri',sans-serif;\">\u00a0<\/span><\/p><p style=\"margin-left: 2.0cm; text-align: justify; text-indent: -18.0pt; mso-list: l0 level4 lfo1;\"><span style=\"text-decoration: underline;\"><strong><span lang=\"FR\" style=\"font-size: 11.0pt; mso-bidi-font-size: 10.0pt; font-family: 'Calibri',sans-serif;\">Le couvre-chef<\/span><\/strong><\/span><\/p><p style=\"text-align: justify;\"><b><span lang=\"FR\" style=\"font-size: 11.0pt; mso-bidi-font-size: 10.0pt; font-family: 'Calibri',sans-serif;\">Le port du couvre-chef (casquette, b\u00e9ret, capuche, bandana, foulard, voile, kippa, \u2026 ) est interdit dans l\u2019enceinte de l\u2019\u00e9cole<\/span><\/b><span lang=\"FR\" style=\"font-size: 11.0pt; mso-bidi-font-size: 10.0pt; font-family: 'Calibri',sans-serif;\">, <b>ainsi que durant les toutes activit\u00e9s scolaires en dehors de l\u2019\u00e9cole.<\/b> Par cons\u00e9quent, l&rsquo;\u00e9l\u00e8ve est pri\u00e9 de retirer tout couvre-chef quand il entre dans l&rsquo;enceinte de l&rsquo;\u00e9cole (et donc y compris dans la cour).<\/span><\/p><p style=\"text-align: justify;\"><span lang=\"FR\" style=\"font-size: 11.0pt; mso-bidi-font-size: 10.0pt; font-family: 'Calibri',sans-serif;\">Cette interdiction s&rsquo;appliquera \u00e9galement aux \u00e9l\u00e8ves inscrits dans une ann\u00e9e d&rsquo;\u00e9tude dont le programme comporte des stages en entreprises, bureaux, administrations, officines, etc\u2026<\/span><\/p><p style=\"text-align: justify;\"><span lang=\"FR\" style=\"font-size: 11.0pt; mso-bidi-font-size: 10.0pt; font-family: 'Calibri',sans-serif;\">De m\u00eame, cette interdiction s&rsquo;appliquera \u00e9galement aux \u00e9l\u00e8ves durant les activit\u00e9s sportives dans l&rsquo;enceinte mais \u00e9galement en dehors de l&rsquo;enceinte de l&rsquo;\u00e9cole.<\/span><\/p><p style=\"text-align: justify;\"><span lang=\"FR\" style=\"font-size: 11.0pt; mso-bidi-font-size: 10.0pt; font-family: 'Calibri',sans-serif;\">Toute propagande religieuse, philosophique ou politique est interdite. Les convictions religieuses ou philosophiques ne peuvent justifier le refus de se rendre sur un lieu de stage, de participer \u00e0 un cours ou \u00e0 une activit\u00e9 organis\u00e9e dans un cadre scolaire.<\/span><\/p><p style=\"margin-left: 1.0cm; text-align: justify; text-indent: -1.0cm;\"><u><span lang=\"FR\" style=\"font-size: 11.0pt; mso-bidi-font-size: 10.0pt; font-family: 'Calibri',sans-serif;\">N.B.<\/span><\/u><span lang=\"FR\" style=\"font-size: 11.0pt; mso-bidi-font-size: 10.0pt; font-family: 'Calibri',sans-serif;\">\u00a0: Ces pr\u00e9cisions ne sont pas exhaustives.<\/span><\/p><p style=\"margin-left: 1.0cm; text-align: justify; text-indent: -1.0cm;\"><span lang=\"FR\" style=\"font-size: 11.0pt; mso-bidi-font-size: 10.0pt; font-family: 'Calibri',sans-serif;\">\u00a0\u00a0\u00a0\u00a0\u00a0\u00a0\u00a0\u00a0\u00a0\u00a0\u00a0 Il est aussi de l\u2019autorit\u00e9 du chef d\u2019\u00e9tablissement d\u2019y apporter des compl\u00e9ments, des interpr\u00e9tations et, quand il le faudra, des d\u00e9rogations.<\/span><\/p><p>\u00a0<\/p><p style=\"margin-left: 1.0cm; text-align: justify; text-indent: -1.0cm;\">\u00a0<\/p>\t\t\t\t\t\t\t\t<\/div>\n\t\t\t\t<\/div>\n\t\t\t\t\t<\/div>\n\t\t<\/div>\n\t\t\t\t\t<\/div>\n\t\t<\/section>\n\t\t\t\t<\/div>\n\t\t","protected":false},"excerpt":{"rendered":"<p>L\u2019uniforme code-couleurs L&rsquo;habillement de l&rsquo;\u00e9l\u00e8ve traduira le respect qu&rsquo;il a de lui-m\u00eame, des autres et de l&rsquo;institut. L\u2019\u00e9cole n\u2019est ni le domicile, ni la plage, ni un d\u00e9fil\u00e9 de mode. Elle est un lieu de travail. Dans l\u2019enceinte de l\u2019\u00e9cole (et donc y compris dans la cour), et pendant les activit\u00e9s se passant \u00e0 l\u2019ext\u00e9rieur de l\u2019Institut, le port de l&rsquo;uniforme est obligatoire. Cette obligation [&hellip;]<\/p>\n","protected":false},"author":1,"featured_media":0,"parent":0,"menu_order":0,"comment_status":"closed","ping_status":"closed","template":"","meta":{"footnotes":""},"class_list":["post-4799","page","type-page","status-publish","hentry"],"yoast_head":"<!-- This site is optimized with the Yoast SEO plugin v27.5 - https:\/\/yoast.com\/product\/yoast-seo-wordpress\/ -->\n<title>Code vestimentaire - Institut Notre-Dame<\/title>\n<meta name=\"robots\" content=\"index, follow, max-snippet:-1, max-image-preview:large, max-video-preview:-1\" \/>\n<link rel=\"canonical\" href=\"https:\/\/ind-charleroi.be\/?page_id=4799\" \/>\n<meta property=\"og:locale\" content=\"fr_FR\" \/>\n<meta property=\"og:type\" content=\"article\" \/>\n<meta property=\"og:title\" content=\"Code vestimentaire - Institut Notre-Dame\" \/>\n<meta property=\"og:description\" content=\"L\u2019uniforme code-couleurs L&rsquo;habillement de l&rsquo;\u00e9l\u00e8ve traduira le respect qu&rsquo;il a de lui-m\u00eame, des autres et de l&rsquo;institut. L\u2019\u00e9cole n\u2019est ni le domicile, ni la plage, ni un d\u00e9fil\u00e9 de mode. Elle est un lieu de travail. Dans l\u2019enceinte de l\u2019\u00e9cole (et donc y compris dans la cour), et pendant les activit\u00e9s se passant \u00e0 l\u2019ext\u00e9rieur de l\u2019Institut, le port de l&rsquo;uniforme est obligatoire. Cette obligation [&hellip;]\" \/>\n<meta property=\"og:url\" content=\"https:\/\/ind-charleroi.be\/?page_id=4799\" \/>\n<meta property=\"og:site_name\" content=\"Institut Notre-Dame\" \/>\n<meta property=\"article:modified_time\" content=\"2024-07-10T08:53:25+00:00\" \/>\n<meta name=\"twitter:card\" content=\"summary_large_image\" \/>\n<meta name=\"twitter:label1\" content=\"Dur\u00e9e de lecture estim\u00e9e\" \/>\n\t<meta name=\"twitter:data1\" content=\"4 minutes\" \/>\n<script type=\"application\/ld+json\" class=\"yoast-schema-graph\">{\"@context\":\"https:\\\/\\\/schema.org\",\"@graph\":[{\"@type\":\"WebPage\",\"@id\":\"https:\\\/\\\/ind-charleroi.be\\\/?page_id=4799\",\"url\":\"https:\\\/\\\/ind-charleroi.be\\\/?page_id=4799\",\"name\":\"Code vestimentaire - Institut Notre-Dame\",\"isPartOf\":{\"@id\":\"https:\\\/\\\/ind-charleroi.be\\\/#website\"},\"datePublished\":\"2022-07-05T18:23:13+00:00\",\"dateModified\":\"2024-07-10T08:53:25+00:00\",\"breadcrumb\":{\"@id\":\"https:\\\/\\\/ind-charleroi.be\\\/?page_id=4799#breadcrumb\"},\"inLanguage\":\"fr-FR\",\"potentialAction\":[{\"@type\":\"ReadAction\",\"target\":[\"https:\\\/\\\/ind-charleroi.be\\\/?page_id=4799\"]}]},{\"@type\":\"BreadcrumbList\",\"@id\":\"https:\\\/\\\/ind-charleroi.be\\\/?page_id=4799#breadcrumb\",\"itemListElement\":[{\"@type\":\"ListItem\",\"position\":1,\"name\":\"Accueil\",\"item\":\"https:\\\/\\\/ind-charleroi.be\\\/\"},{\"@type\":\"ListItem\",\"position\":2,\"name\":\"Code vestimentaire\"}]},{\"@type\":\"WebSite\",\"@id\":\"https:\\\/\\\/ind-charleroi.be\\\/#website\",\"url\":\"https:\\\/\\\/ind-charleroi.be\\\/\",\"name\":\"Institut Notre-Dame\",\"description\":\"Aujourd&#039;hui pour demain\",\"publisher\":{\"@id\":\"https:\\\/\\\/ind-charleroi.be\\\/#organization\"},\"potentialAction\":[{\"@type\":\"SearchAction\",\"target\":{\"@type\":\"EntryPoint\",\"urlTemplate\":\"https:\\\/\\\/ind-charleroi.be\\\/?s={search_term_string}\"},\"query-input\":{\"@type\":\"PropertyValueSpecification\",\"valueRequired\":true,\"valueName\":\"search_term_string\"}}],\"inLanguage\":\"fr-FR\"},{\"@type\":\"Organization\",\"@id\":\"https:\\\/\\\/ind-charleroi.be\\\/#organization\",\"name\":\"Institut Notre-Dame\",\"url\":\"https:\\\/\\\/ind-charleroi.be\\\/\",\"logo\":{\"@type\":\"ImageObject\",\"inLanguage\":\"fr-FR\",\"@id\":\"https:\\\/\\\/ind-charleroi.be\\\/#\\\/schema\\\/logo\\\/image\\\/\",\"url\":\"https:\\\/\\\/ind-charleroi.be\\\/wp-content\\\/uploads\\\/2022\\\/12\\\/cropped-logo-ind2022.jpg\",\"contentUrl\":\"https:\\\/\\\/ind-charleroi.be\\\/wp-content\\\/uploads\\\/2022\\\/12\\\/cropped-logo-ind2022.jpg\",\"width\":1205,\"height\":505,\"caption\":\"Institut Notre-Dame\"},\"image\":{\"@id\":\"https:\\\/\\\/ind-charleroi.be\\\/#\\\/schema\\\/logo\\\/image\\\/\"}}]}<\/script>\n<!-- \/ Yoast SEO plugin. -->","yoast_head_json":{"title":"Code vestimentaire - Institut Notre-Dame","robots":{"index":"index","follow":"follow","max-snippet":"max-snippet:-1","max-image-preview":"max-image-preview:large","max-video-preview":"max-video-preview:-1"},"canonical":"https:\/\/ind-charleroi.be\/?page_id=4799","og_locale":"fr_FR","og_type":"article","og_title":"Code vestimentaire - Institut Notre-Dame","og_description":"L\u2019uniforme code-couleurs L&rsquo;habillement de l&rsquo;\u00e9l\u00e8ve traduira le respect qu&rsquo;il a de lui-m\u00eame, des autres et de l&rsquo;institut. L\u2019\u00e9cole n\u2019est ni le domicile, ni la plage, ni un d\u00e9fil\u00e9 de mode. Elle est un lieu de travail. Dans l\u2019enceinte de l\u2019\u00e9cole (et donc y compris dans la cour), et pendant les activit\u00e9s se passant \u00e0 l\u2019ext\u00e9rieur de l\u2019Institut, le port de l&rsquo;uniforme est obligatoire. Cette obligation [&hellip;]","og_url":"https:\/\/ind-charleroi.be\/?page_id=4799","og_site_name":"Institut Notre-Dame","article_modified_time":"2024-07-10T08:53:25+00:00","twitter_card":"summary_large_image","twitter_misc":{"Dur\u00e9e de lecture estim\u00e9e":"4 minutes"},"schema":{"@context":"https:\/\/schema.org","@graph":[{"@type":"WebPage","@id":"https:\/\/ind-charleroi.be\/?page_id=4799","url":"https:\/\/ind-charleroi.be\/?page_id=4799","name":"Code vestimentaire - Institut Notre-Dame","isPartOf":{"@id":"https:\/\/ind-charleroi.be\/#website"},"datePublished":"2022-07-05T18:23:13+00:00","dateModified":"2024-07-10T08:53:25+00:00","breadcrumb":{"@id":"https:\/\/ind-charleroi.be\/?page_id=4799#breadcrumb"},"inLanguage":"fr-FR","potentialAction":[{"@type":"ReadAction","target":["https:\/\/ind-charleroi.be\/?page_id=4799"]}]},{"@type":"BreadcrumbList","@id":"https:\/\/ind-charleroi.be\/?page_id=4799#breadcrumb","itemListElement":[{"@type":"ListItem","position":1,"name":"Accueil","item":"https:\/\/ind-charleroi.be\/"},{"@type":"ListItem","position":2,"name":"Code vestimentaire"}]},{"@type":"WebSite","@id":"https:\/\/ind-charleroi.be\/#website","url":"https:\/\/ind-charleroi.be\/","name":"Institut Notre-Dame","description":"Aujourd&#039;hui pour demain","publisher":{"@id":"https:\/\/ind-charleroi.be\/#organization"},"potentialAction":[{"@type":"SearchAction","target":{"@type":"EntryPoint","urlTemplate":"https:\/\/ind-charleroi.be\/?s={search_term_string}"},"query-input":{"@type":"PropertyValueSpecification","valueRequired":true,"valueName":"search_term_string"}}],"inLanguage":"fr-FR"},{"@type":"Organization","@id":"https:\/\/ind-charleroi.be\/#organization","name":"Institut Notre-Dame","url":"https:\/\/ind-charleroi.be\/","logo":{"@type":"ImageObject","inLanguage":"fr-FR","@id":"https:\/\/ind-charleroi.be\/#\/schema\/logo\/image\/","url":"https:\/\/ind-charleroi.be\/wp-content\/uploads\/2022\/12\/cropped-logo-ind2022.jpg","contentUrl":"https:\/\/ind-charleroi.be\/wp-content\/uploads\/2022\/12\/cropped-logo-ind2022.jpg","width":1205,"height":505,"caption":"Institut Notre-Dame"},"image":{"@id":"https:\/\/ind-charleroi.be\/#\/schema\/logo\/image\/"}}]}},"jetpack_sharing_enabled":true,"_links":{"self":[{"href":"https:\/\/ind-charleroi.be\/index.php?rest_route=\/wp\/v2\/pages\/4799","targetHints":{"allow":["GET"]}}],"collection":[{"href":"https:\/\/ind-charleroi.be\/index.php?rest_route=\/wp\/v2\/pages"}],"about":[{"href":"https:\/\/ind-charleroi.be\/index.php?rest_route=\/wp\/v2\/types\/page"}],"author":[{"embeddable":true,"href":"https:\/\/ind-charleroi.be\/index.php?rest_route=\/wp\/v2\/users\/1"}],"replies":[{"embeddable":true,"href":"https:\/\/ind-charleroi.be\/index.php?rest_route=%2Fwp%2Fv2%2Fcomments&post=4799"}],"version-history":[{"count":19,"href":"https:\/\/ind-charleroi.be\/index.php?rest_route=\/wp\/v2\/pages\/4799\/revisions"}],"predecessor-version":[{"id":6028,"href":"https:\/\/ind-charleroi.be\/index.php?rest_route=\/wp\/v2\/pages\/4799\/revisions\/6028"}],"wp:attachment":[{"href":"https:\/\/ind-charleroi.be\/index.php?rest_route=%2Fwp%2Fv2%2Fmedia&parent=4799"}],"curies":[{"name":"wp","href":"https:\/\/api.w.org\/{rel}","templated":true}]}}